{"id":1839,"date":"2021-10-05T13:46:45","date_gmt":"2021-10-05T11:46:45","guid":{"rendered":"https:\/\/epelons.com\/?page_id=1839"},"modified":"2021-10-05T13:48:52","modified_gmt":"2021-10-05T11:48:52","slug":"confession-de-foi","status":"publish","type":"page","link":"https:\/\/epelons.com\/?page_id=1839","title":{"rendered":"Confession de Foi"},"content":{"rendered":"\t\t<div data-elementor-type=\"wp-page\" data-elementor-id=\"1839\" class=\"elementor elementor-1839\">\n\t\t\t\t\t\t<section class=\"elementor-section elementor-top-section elementor-element elementor-element-69fd1ad8 elementor-section-content-middle elementor-section-boxed elementor-section-height-default elementor-section-height-default\" data-id=\"69fd1ad8\" data-element_type=\"section\" data-e-type=\"section\" data-settings=\"{&quot;background_background&quot;:&quot;classic&quot;}\">\n\t\t\t\t\t\t<div class=\"elementor-container elementor-column-gap-no\">\n\t\t\t\t\t<div class=\"elementor-column elementor-col-100 elementor-top-column elementor-element elementor-element-42588553\" data-id=\"42588553\" data-element_type=\"column\" data-e-type=\"column\" data-settings=\"{&quot;background_background&quot;:&quot;classic&quot;}\">\n\t\t\t<div class=\"elementor-widget-wrap elementor-element-populated\">\n\t\t\t\t\t\t<div class=\"elementor-element elementor-element-6636aae2 elementor-widget elementor-widget-heading\" data-id=\"6636aae2\" data-element_type=\"widget\" data-e-type=\"widget\" data-widget_type=\"heading.default\">\n\t\t\t\t<div class=\"elementor-widget-container\">\n\t\t\t\t\t<h3 class=\"elementor-heading-title elementor-size-large\">1. La Bible<\/h3>\t\t\t\t<\/div>\n\t\t\t\t<\/div>\n\t\t\t\t<div class=\"elementor-element elementor-element-51155b66 elementor-widget elementor-widget-text-editor\" data-id=\"51155b66\" data-element_type=\"widget\" data-e-type=\"widget\" data-widget_type=\"text-editor.default\">\n\t\t\t\t<div class=\"elementor-widget-container\">\n\t\t\t\t\t\t\t\t\t<p>Nous croyons \u00e0 la divine inspiration et \u00e0 l&rsquo;autorit\u00e9 souveraine des Saintes \u00e9critures, constitu\u00e9es des soixante-six livres de l&rsquo;Ancien et du nouveau Testament, qui sont la parole de Dieu, exempte d&rsquo;erreur dans sa r\u00e9daction originale.<\/p>\t\t\t\t\t\t\t\t<\/div>\n\t\t\t\t<\/div>\n\t\t\t\t\t<\/div>\n\t\t<\/div>\n\t\t\t\t\t<\/div>\n\t\t<\/section>\n\t\t\t\t<section class=\"elementor-section elementor-top-section elementor-element elementor-element-64366892 elementor-section-content-middle elementor-reverse-mobile elementor-section-boxed elementor-section-height-default elementor-section-height-default\" data-id=\"64366892\" data-element_type=\"section\" data-e-type=\"section\" data-settings=\"{&quot;background_background&quot;:&quot;classic&quot;}\">\n\t\t\t\t\t\t<div class=\"elementor-container elementor-column-gap-no\">\n\t\t\t\t\t<div class=\"elementor-column elementor-col-100 elementor-top-column elementor-element elementor-element-5dbf76c2\" data-id=\"5dbf76c2\" data-element_type=\"column\" data-e-type=\"column\" data-settings=\"{&quot;background_background&quot;:&quot;classic&quot;}\">\n\t\t\t<div class=\"elementor-widget-wrap elementor-element-populated\">\n\t\t\t\t\t\t<div class=\"elementor-element elementor-element-148c4175 elementor-widget elementor-widget-heading\" data-id=\"148c4175\" data-element_type=\"widget\" data-e-type=\"widget\" data-widget_type=\"heading.default\">\n\t\t\t\t<div class=\"elementor-widget-container\">\n\t\t\t\t\t<h3 class=\"elementor-heading-title elementor-size-large\">2. Dieu<\/h3>\t\t\t\t<\/div>\n\t\t\t\t<\/div>\n\t\t\t\t<div class=\"elementor-element elementor-element-65afb159 elementor-widget elementor-widget-text-editor\" data-id=\"65afb159\" data-element_type=\"widget\" data-e-type=\"widget\" data-widget_type=\"text-editor.default\">\n\t\t\t\t<div class=\"elementor-widget-container\">\n\t\t\t\t\t\t\t\t\t<p>Nous croyons en un seul Dieu, P\u00e8re, Fils et Saint-Esprit, Cr\u00e9ateur de l&rsquo;univers et de tout ce qui s&rsquo;y trouve.<\/p>\t\t\t\t\t\t\t\t<\/div>\n\t\t\t\t<\/div>\n\t\t\t\t<div class=\"elementor-element elementor-element-f7bf308 elementor-widget elementor-widget-heading\" data-id=\"f7bf308\" data-element_type=\"widget\" data-e-type=\"widget\" data-widget_type=\"heading.default\">\n\t\t\t\t<div class=\"elementor-widget-container\">\n\t\t\t\t\t<h3 class=\"elementor-heading-title elementor-size-large\">3. J\u00e9sus-Christ<\/h3>\t\t\t\t<\/div>\n\t\t\t\t<\/div>\n\t\t\t\t<div class=\"elementor-element elementor-element-be3880a elementor-widget elementor-widget-text-editor\" data-id=\"be3880a\" data-element_type=\"widget\" data-e-type=\"widget\" data-widget_type=\"text-editor.default\">\n\t\t\t\t<div class=\"elementor-widget-container\">\n\t\t\t\t\t\t\t\t\t<p>Nous croyons en J\u00e9sus-Christ, \u00e0 sa parfaite divinit\u00e9 et \u00e0 sa pr\u00e9existence \u00e9ternelle, \u00e0 sa naissance d&rsquo;une vierge, \u00e0 sa mort expiatoire \u00e0 notre place, \u00e0 sa r\u00e9surrection et son ascension corporelle, \u00e0 son prochain retour personnel, visible et glorieux.<\/p>\t\t\t\t\t\t\t\t<\/div>\n\t\t\t\t<\/div>\n\t\t\t\t<div class=\"elementor-element elementor-element-b886429 elementor-widget elementor-widget-heading\" data-id=\"b886429\" data-element_type=\"widget\" data-e-type=\"widget\" data-widget_type=\"heading.default\">\n\t\t\t\t<div class=\"elementor-widget-container\">\n\t\t\t\t\t<h3 class=\"elementor-heading-title elementor-size-large\">4. Le Saint-Esprit<\/h3>\t\t\t\t<\/div>\n\t\t\t\t<\/div>\n\t\t\t\t<div class=\"elementor-element elementor-element-bdf428c elementor-widget elementor-widget-text-editor\" data-id=\"bdf428c\" data-element_type=\"widget\" data-e-type=\"widget\" data-widget_type=\"text-editor.default\">\n\t\t\t\t<div class=\"elementor-widget-container\">\n\t\t\t\t\t\t\t\t\t<p>Nous croyons en l&rsquo;Esprit-Saint, \u00e0 sa divinit\u00e9 et \u00e0 sa personnalit\u00e9, \u00e0 sa r\u00e9ception au moment de la conversion \u00e0 Dieu, \u00e0 son habitation en tous ceux qui croient en J\u00e9sus-Christ, \u00e0 son action dans l&rsquo;Eglise.<\/p>\t\t\t\t\t\t\t\t<\/div>\n\t\t\t\t<\/div>\n\t\t\t\t<div class=\"elementor-element elementor-element-975e6b7 elementor-widget elementor-widget-heading\" data-id=\"975e6b7\" data-element_type=\"widget\" data-e-type=\"widget\" data-widget_type=\"heading.default\">\n\t\t\t\t<div class=\"elementor-widget-container\">\n\t\t\t\t\t<h3 class=\"elementor-heading-title elementor-size-large\">5. L'Homme et le p\u00e9ch\u00e9<\/h3>\t\t\t\t<\/div>\n\t\t\t\t<\/div>\n\t\t\t\t<div class=\"elementor-element elementor-element-3bcaa6c elementor-widget elementor-widget-text-editor\" data-id=\"3bcaa6c\" data-element_type=\"widget\" data-e-type=\"widget\" data-widget_type=\"text-editor.default\">\n\t\t\t\t<div class=\"elementor-widget-container\">\n\t\t\t\t\t\t\t\t\t<p>Nous croyons que l&rsquo;Homme, cr\u00e9e \u00e0 l&rsquo;image de Dieu, a chut\u00e9, et que toute l&rsquo;humanit\u00e9 demeure sous la domination de Satan, dans la r\u00e9volte, la corruption et la condamnation.<\/p>\t\t\t\t\t\t\t\t<\/div>\n\t\t\t\t<\/div>\n\t\t\t\t<div class=\"elementor-element elementor-element-a437d52 elementor-widget elementor-widget-heading\" data-id=\"a437d52\" data-element_type=\"widget\" data-e-type=\"widget\" data-widget_type=\"heading.default\">\n\t\t\t\t<div class=\"elementor-widget-container\">\n\t\t\t\t\t<h3 class=\"elementor-heading-title elementor-size-large\">6. Le salut<\/h3>\t\t\t\t<\/div>\n\t\t\t\t<\/div>\n\t\t\t\t<div class=\"elementor-element elementor-element-60c8d84 elementor-widget elementor-widget-text-editor\" data-id=\"60c8d84\" data-element_type=\"widget\" data-e-type=\"widget\" data-widget_type=\"text-editor.default\">\n\t\t\t\t<div class=\"elementor-widget-container\">\n\t\t\t\t\t\t\t\t\t<p>Nous croyons que la justification de l&rsquo;Homme s&rsquo;op\u00e8re par la gr\u00e2ce de Dieu en J\u00e9sus-Christ et qu&rsquo;elle est re\u00e7ue uniquement par la foi. Nous croyons \u00e0 la n\u00e9cessit\u00e9 de la repentance et de la nouvelle naissance conduisant \u00e0 une vie de pi\u00e9t\u00e9, de sanctification, de t\u00e9moignage et de service \u00e0 la gloire de Dieu, par l&rsquo;action du Saint-Esprit.<\/p>\t\t\t\t\t\t\t\t<\/div>\n\t\t\t\t<\/div>\n\t\t\t\t<div class=\"elementor-element elementor-element-3e3c59a elementor-widget elementor-widget-heading\" data-id=\"3e3c59a\" data-element_type=\"widget\" data-e-type=\"widget\" data-widget_type=\"heading.default\">\n\t\t\t\t<div class=\"elementor-widget-container\">\n\t\t\t\t\t<h3 class=\"elementor-heading-title elementor-size-large\">7. L'Eglise<\/h3>\t\t\t\t<\/div>\n\t\t\t\t<\/div>\n\t\t\t\t<div class=\"elementor-element elementor-element-9c0613b elementor-widget elementor-widget-text-editor\" data-id=\"9c0613b\" data-element_type=\"widget\" data-e-type=\"widget\" data-widget_type=\"text-editor.default\">\n\t\t\t\t<div class=\"elementor-widget-container\">\n\t\t\t\t\t\t\t\t\t<p>Nous croyons que l&rsquo;\u00e9glise universelle est l&rsquo;ensemble des rachet\u00e9s de J\u00e9sus-Christ, de tous les pays et de tous les temps. Son unit\u00e9 v\u00e9ritable est dans son unique chef, J\u00e9sus-Christ, par l&rsquo;oeuvre du Saint-Esprit. Nous croyons que son expression visible est dans les Eglises locales.<\/p>\t\t\t\t\t\t\t\t<\/div>\n\t\t\t\t<\/div>\n\t\t\t\t<div class=\"elementor-element elementor-element-dc2d109 elementor-widget elementor-widget-heading\" data-id=\"dc2d109\" data-element_type=\"widget\" data-e-type=\"widget\" data-widget_type=\"heading.default\">\n\t\t\t\t<div class=\"elementor-widget-container\">\n\t\t\t\t\t<h3 class=\"elementor-heading-title elementor-size-large\">8. L'au-del\u00e0<\/h3>\t\t\t\t<\/div>\n\t\t\t\t<\/div>\n\t\t\t\t<div class=\"elementor-element elementor-element-2d5c809 elementor-widget elementor-widget-text-editor\" data-id=\"2d5c809\" data-element_type=\"widget\" data-e-type=\"widget\" data-widget_type=\"text-editor.default\">\n\t\t\t\t<div class=\"elementor-widget-container\">\n\t\t\t\t\t\t\t\t\t<p>Nous croyons \u00e0 la r\u00e9surrection de tous les Hommes: \u00e0 la f\u00e9licit\u00e9 \u00e9ternelle des rachet\u00e9s, et au ch\u00e2timent \u00e9ternel des p\u00e9cheurs imp\u00e9nitents.<\/p>\t\t\t\t\t\t\t\t<\/div>\n\t\t\t\t<\/div>\n\t\t\t\t<div class=\"elementor-element elementor-element-2803b535 elementor-widget elementor-widget-heading\" data-id=\"2803b535\" data-element_type=\"widget\" data-e-type=\"widget\" data-widget_type=\"heading.default\">\n\t\t\t\t<div class=\"elementor-widget-container\">\n\t\t\t\t\t<h2 class=\"elementor-heading-title elementor-size-small\">(Cette confession de Foi est conforme \u00e0 celle de la f\u00e9d\u00e9ration Evang\u00e9lique de France)<\/h2>\t\t\t\t<\/div>\n\t\t\t\t<\/div>\n\t\t\t\t\t<\/div>\n\t\t<\/div>\n\t\t\t\t\t<\/div>\n\t\t<\/section>\n\t\t\t\t<\/div>\n\t\t","protected":false},"excerpt":{"rendered":"<p>1. La Bible Nous croyons \u00e0 la divine inspiration et \u00e0 l&rsquo;autorit\u00e9 souveraine des Saintes \u00e9critures, constitu\u00e9es des soixante-six livres de l&rsquo;Ancien et du nouveau Testament, qui sont la parole de Dieu, exempte d&rsquo;erreur dans sa r\u00e9daction originale. 2. Dieu Nous croyons en un seul Dieu, P\u00e8re, Fils et Saint-Esprit, Cr\u00e9ateur de l&rsquo;univers et de tout ce qui s&rsquo;y trouve. 3. J\u00e9sus-Christ Nous croyons en J\u00e9sus-Christ, \u00e0 sa parfaite divinit\u00e9 et \u00e0 sa pr\u00e9existence \u00e9ternelle, \u00e0 sa naissance d&rsquo;une vierge, \u00e0 sa mort expiatoire \u00e0 notre place, \u00e0 sa r\u00e9surrection et son ascension corporelle, \u00e0 son prochain retour personnel, visible et glorieux. 4. Le Saint-Esprit Nous croyons en l&rsquo;Esprit-Saint, \u00e0 sa divinit\u00e9 et \u00e0 sa personnalit\u00e9, \u00e0 sa r\u00e9ception au moment de la conversion \u00e0 Dieu, \u00e0 son habitation en tous ceux qui croient en J\u00e9sus-Christ, \u00e0 son action dans l&rsquo;Eglise. 5. L&rsquo;Homme et le p\u00e9ch\u00e9 Nous croyons que l&rsquo;Homme, cr\u00e9e \u00e0 l&rsquo;image de Dieu, a chut\u00e9, et que toute l&rsquo;humanit\u00e9 demeure sous la domination de Satan, dans la r\u00e9volte, la corruption et la condamnation. 6. Le salut Nous croyons que la justification de l&rsquo;Homme s&rsquo;op\u00e8re par la gr\u00e2ce de Dieu en J\u00e9sus-Christ et qu&rsquo;elle est re\u00e7ue uniquement par la foi. Nous croyons \u00e0 la n\u00e9cessit\u00e9 de la repentance et de la nouvelle naissance conduisant \u00e0 une vie de pi\u00e9t\u00e9, de sanctification, de t\u00e9moignage et de service \u00e0 la gloire de Dieu, par l&rsquo;action du Saint-Esprit. 7. L&rsquo;Eglise Nous croyons que l&rsquo;\u00e9glise universelle est l&rsquo;ensemble des rachet\u00e9s de J\u00e9sus-Christ, de tous les pays et de tous les temps. Son unit\u00e9 v\u00e9ritable est dans son unique chef, J\u00e9sus-Christ, par l&rsquo;oeuvre du Saint-Esprit. Nous croyons que son expression visible est dans les Eglises locales. 8. L&rsquo;au-del\u00e0 Nous croyons \u00e0 la r\u00e9surrection de tous les Hommes: \u00e0 la f\u00e9licit\u00e9 \u00e9ternelle des rachet\u00e9s, et au ch\u00e2timent \u00e9ternel des p\u00e9cheurs imp\u00e9nitents. (Cette confession de Foi est conforme \u00e0 celle de la f\u00e9d\u00e9ration Evang\u00e9lique de France)<\/p>\n","protected":false},"author":1,"featured_media":0,"parent":0,"menu_order":0,"comment_status":"closed","ping_status":"closed","template":"","meta":{"footnotes":""},"class_list":["post-1839","page","type-page","status-publish","hentry"],"yoast_head":"<!-- This site is optimized with the Yoast SEO plugin v27.5 - https:\/\/yoast.com\/product\/yoast-seo-wordpress\/ -->\n<title>Confession de Foi - EPE Lons-le-Saunier<\/title>\n<meta name=\"robots\" content=\"index, follow, max-snippet:-1, max-image-preview:large, max-video-preview:-1\" \/>\n<link rel=\"canonical\" href=\"https:\/\/epelons.com\/?page_id=1839\" \/>\n<meta property=\"og:locale\" content=\"fr_FR\" \/>\n<meta property=\"og:type\" content=\"article\" \/>\n<meta property=\"og:title\" content=\"Confession de Foi - EPE Lons-le-Saunier\" \/>\n<meta property=\"og:description\" content=\"1. La Bible Nous croyons \u00e0 la divine inspiration et \u00e0 l&rsquo;autorit\u00e9 souveraine des Saintes \u00e9critures, constitu\u00e9es des soixante-six livres de l&rsquo;Ancien et du nouveau Testament, qui sont la parole de Dieu, exempte d&rsquo;erreur dans sa r\u00e9daction originale. 2. Dieu Nous croyons en un seul Dieu, P\u00e8re, Fils et Saint-Esprit, Cr\u00e9ateur de l&rsquo;univers et de tout ce qui s&rsquo;y trouve. 3. J\u00e9sus-Christ Nous croyons en J\u00e9sus-Christ, \u00e0 sa parfaite divinit\u00e9 et \u00e0 sa pr\u00e9existence \u00e9ternelle, \u00e0 sa naissance d&rsquo;une vierge, \u00e0 sa mort expiatoire \u00e0 notre place, \u00e0 sa r\u00e9surrection et son ascension corporelle, \u00e0 son prochain retour personnel, visible et glorieux. 4. Le Saint-Esprit Nous croyons en l&rsquo;Esprit-Saint, \u00e0 sa divinit\u00e9 et \u00e0 sa personnalit\u00e9, \u00e0 sa r\u00e9ception au moment de la conversion \u00e0 Dieu, \u00e0 son habitation en tous ceux qui croient en J\u00e9sus-Christ, \u00e0 son action dans l&rsquo;Eglise. 5. L&rsquo;Homme et le p\u00e9ch\u00e9 Nous croyons que l&rsquo;Homme, cr\u00e9e \u00e0 l&rsquo;image de Dieu, a chut\u00e9, et que toute l&rsquo;humanit\u00e9 demeure sous la domination de Satan, dans la r\u00e9volte, la corruption et la condamnation. 6. Le salut Nous croyons que la justification de l&rsquo;Homme s&rsquo;op\u00e8re par la gr\u00e2ce de Dieu en J\u00e9sus-Christ et qu&rsquo;elle est re\u00e7ue uniquement par la foi. Nous croyons \u00e0 la n\u00e9cessit\u00e9 de la repentance et de la nouvelle naissance conduisant \u00e0 une vie de pi\u00e9t\u00e9, de sanctification, de t\u00e9moignage et de service \u00e0 la gloire de Dieu, par l&rsquo;action du Saint-Esprit. 7. L&rsquo;Eglise Nous croyons que l&rsquo;\u00e9glise universelle est l&rsquo;ensemble des rachet\u00e9s de J\u00e9sus-Christ, de tous les pays et de tous les temps. Son unit\u00e9 v\u00e9ritable est dans son unique chef, J\u00e9sus-Christ, par l&rsquo;oeuvre du Saint-Esprit. Nous croyons que son expression visible est dans les Eglises locales. 8. L&rsquo;au-del\u00e0 Nous croyons \u00e0 la r\u00e9surrection de tous les Hommes: \u00e0 la f\u00e9licit\u00e9 \u00e9ternelle des rachet\u00e9s, et au ch\u00e2timent \u00e9ternel des p\u00e9cheurs imp\u00e9nitents. (Cette confession de Foi est conforme \u00e0 celle de la f\u00e9d\u00e9ration Evang\u00e9lique de France)\" \/>\n<meta property=\"og:url\" content=\"https:\/\/epelons.com\/?page_id=1839\" \/>\n<meta property=\"og:site_name\" content=\"EPE Lons-le-Saunier\" \/>\n<meta property=\"article:modified_time\" content=\"2021-10-05T11:48:52+00:00\" \/>\n<meta name=\"twitter:card\" content=\"summary_large_image\" \/>\n<meta name=\"twitter:label1\" content=\"Dur\u00e9e de lecture estim\u00e9e\" \/>\n\t<meta name=\"twitter:data1\" content=\"2 minutes\" \/>\n<script type=\"application\/ld+json\" class=\"yoast-schema-graph\">{\"@context\":\"https:\\\/\\\/schema.org\",\"@graph\":[{\"@type\":\"WebPage\",\"@id\":\"https:\\\/\\\/epelons.com\\\/?page_id=1839\",\"url\":\"https:\\\/\\\/epelons.com\\\/?page_id=1839\",\"name\":\"Confession de Foi - EPE Lons-le-Saunier\",\"isPartOf\":{\"@id\":\"https:\\\/\\\/epelons.com\\\/#website\"},\"datePublished\":\"2021-10-05T11:46:45+00:00\",\"dateModified\":\"2021-10-05T11:48:52+00:00\",\"breadcrumb\":{\"@id\":\"https:\\\/\\\/epelons.com\\\/?page_id=1839#breadcrumb\"},\"inLanguage\":\"fr-FR\",\"potentialAction\":[{\"@type\":\"ReadAction\",\"target\":[\"https:\\\/\\\/epelons.com\\\/?page_id=1839\"]}]},{\"@type\":\"BreadcrumbList\",\"@id\":\"https:\\\/\\\/epelons.com\\\/?page_id=1839#breadcrumb\",\"itemListElement\":[{\"@type\":\"ListItem\",\"position\":1,\"name\":\"Accueil\",\"item\":\"https:\\\/\\\/epelons.com\\\/\"},{\"@type\":\"ListItem\",\"position\":2,\"name\":\"Confession de Foi\"}]},{\"@type\":\"WebSite\",\"@id\":\"https:\\\/\\\/epelons.com\\\/#website\",\"url\":\"https:\\\/\\\/epelons.com\\\/\",\"name\":\"EPE Lons-le-Saunier\",\"description\":\"Lons-le-Saunier\",\"potentialAction\":[{\"@type\":\"SearchAction\",\"target\":{\"@type\":\"EntryPoint\",\"urlTemplate\":\"https:\\\/\\\/epelons.com\\\/?s={search_term_string}\"},\"query-input\":{\"@type\":\"PropertyValueSpecification\",\"valueRequired\":true,\"valueName\":\"search_term_string\"}}],\"inLanguage\":\"fr-FR\"}]}<\/script>\n<!-- \/ Yoast SEO plugin. -->","yoast_head_json":{"title":"Confession de Foi - EPE Lons-le-Saunier","robots":{"index":"index","follow":"follow","max-snippet":"max-snippet:-1","max-image-preview":"max-image-preview:large","max-video-preview":"max-video-preview:-1"},"canonical":"https:\/\/epelons.com\/?page_id=1839","og_locale":"fr_FR","og_type":"article","og_title":"Confession de Foi - EPE Lons-le-Saunier","og_description":"1. La Bible Nous croyons \u00e0 la divine inspiration et \u00e0 l&rsquo;autorit\u00e9 souveraine des Saintes \u00e9critures, constitu\u00e9es des soixante-six livres de l&rsquo;Ancien et du nouveau Testament, qui sont la parole de Dieu, exempte d&rsquo;erreur dans sa r\u00e9daction originale. 2. Dieu Nous croyons en un seul Dieu, P\u00e8re, Fils et Saint-Esprit, Cr\u00e9ateur de l&rsquo;univers et de tout ce qui s&rsquo;y trouve. 3. J\u00e9sus-Christ Nous croyons en J\u00e9sus-Christ, \u00e0 sa parfaite divinit\u00e9 et \u00e0 sa pr\u00e9existence \u00e9ternelle, \u00e0 sa naissance d&rsquo;une vierge, \u00e0 sa mort expiatoire \u00e0 notre place, \u00e0 sa r\u00e9surrection et son ascension corporelle, \u00e0 son prochain retour personnel, visible et glorieux. 4. Le Saint-Esprit Nous croyons en l&rsquo;Esprit-Saint, \u00e0 sa divinit\u00e9 et \u00e0 sa personnalit\u00e9, \u00e0 sa r\u00e9ception au moment de la conversion \u00e0 Dieu, \u00e0 son habitation en tous ceux qui croient en J\u00e9sus-Christ, \u00e0 son action dans l&rsquo;Eglise. 5. L&rsquo;Homme et le p\u00e9ch\u00e9 Nous croyons que l&rsquo;Homme, cr\u00e9e \u00e0 l&rsquo;image de Dieu, a chut\u00e9, et que toute l&rsquo;humanit\u00e9 demeure sous la domination de Satan, dans la r\u00e9volte, la corruption et la condamnation. 6. Le salut Nous croyons que la justification de l&rsquo;Homme s&rsquo;op\u00e8re par la gr\u00e2ce de Dieu en J\u00e9sus-Christ et qu&rsquo;elle est re\u00e7ue uniquement par la foi. Nous croyons \u00e0 la n\u00e9cessit\u00e9 de la repentance et de la nouvelle naissance conduisant \u00e0 une vie de pi\u00e9t\u00e9, de sanctification, de t\u00e9moignage et de service \u00e0 la gloire de Dieu, par l&rsquo;action du Saint-Esprit. 7. L&rsquo;Eglise Nous croyons que l&rsquo;\u00e9glise universelle est l&rsquo;ensemble des rachet\u00e9s de J\u00e9sus-Christ, de tous les pays et de tous les temps. Son unit\u00e9 v\u00e9ritable est dans son unique chef, J\u00e9sus-Christ, par l&rsquo;oeuvre du Saint-Esprit. Nous croyons que son expression visible est dans les Eglises locales. 8. L&rsquo;au-del\u00e0 Nous croyons \u00e0 la r\u00e9surrection de tous les Hommes: \u00e0 la f\u00e9licit\u00e9 \u00e9ternelle des rachet\u00e9s, et au ch\u00e2timent \u00e9ternel des p\u00e9cheurs imp\u00e9nitents. (Cette confession de Foi est conforme \u00e0 celle de la f\u00e9d\u00e9ration Evang\u00e9lique de France)","og_url":"https:\/\/epelons.com\/?page_id=1839","og_site_name":"EPE Lons-le-Saunier","article_modified_time":"2021-10-05T11:48:52+00:00","twitter_card":"summary_large_image","twitter_misc":{"Dur\u00e9e de lecture estim\u00e9e":"2 minutes"},"schema":{"@context":"https:\/\/schema.org","@graph":[{"@type":"WebPage","@id":"https:\/\/epelons.com\/?page_id=1839","url":"https:\/\/epelons.com\/?page_id=1839","name":"Confession de Foi - EPE Lons-le-Saunier","isPartOf":{"@id":"https:\/\/epelons.com\/#website"},"datePublished":"2021-10-05T11:46:45+00:00","dateModified":"2021-10-05T11:48:52+00:00","breadcrumb":{"@id":"https:\/\/epelons.com\/?page_id=1839#breadcrumb"},"inLanguage":"fr-FR","potentialAction":[{"@type":"ReadAction","target":["https:\/\/epelons.com\/?page_id=1839"]}]},{"@type":"BreadcrumbList","@id":"https:\/\/epelons.com\/?page_id=1839#breadcrumb","itemListElement":[{"@type":"ListItem","position":1,"name":"Accueil","item":"https:\/\/epelons.com\/"},{"@type":"ListItem","position":2,"name":"Confession de Foi"}]},{"@type":"WebSite","@id":"https:\/\/epelons.com\/#website","url":"https:\/\/epelons.com\/","name":"EPE Lons-le-Saunier","description":"Lons-le-Saunier","potentialAction":[{"@type":"SearchAction","target":{"@type":"EntryPoint","urlTemplate":"https:\/\/epelons.com\/?s={search_term_string}"},"query-input":{"@type":"PropertyValueSpecification","valueRequired":true,"valueName":"search_term_string"}}],"inLanguage":"fr-FR"}]}},"jetpack_sharing_enabled":true,"_links":{"self":[{"href":"https:\/\/epelons.com\/index.php?rest_route=\/wp\/v2\/pages\/1839","targetHints":{"allow":["GET"]}}],"collection":[{"href":"https:\/\/epelons.com\/index.php?rest_route=\/wp\/v2\/pages"}],"about":[{"href":"https:\/\/epelons.com\/index.php?rest_route=\/wp\/v2\/types\/page"}],"author":[{"embeddable":true,"href":"https:\/\/epelons.com\/index.php?rest_route=\/wp\/v2\/users\/1"}],"replies":[{"embeddable":true,"href":"https:\/\/epelons.com\/index.php?rest_route=%2Fwp%2Fv2%2Fcomments&post=1839"}],"version-history":[{"count":5,"href":"https:\/\/epelons.com\/index.php?rest_route=\/wp\/v2\/pages\/1839\/revisions"}],"predecessor-version":[{"id":1852,"href":"https:\/\/epelons.com\/index.php?rest_route=\/wp\/v2\/pages\/1839\/revisions\/1852"}],"wp:attachment":[{"href":"https:\/\/epelons.com\/index.php?rest_route=%2Fwp%2Fv2%2Fmedia&parent=1839"}],"curies":[{"name":"wp","href":"https:\/\/api.w.org\/{rel}","templated":true}]}}